{"id":1851,"date":"2025-11-27T14:02:17","date_gmt":"2025-11-27T13:02:17","guid":{"rendered":"https:\/\/pablomor.com\/?page_id=1851"},"modified":"2025-12-15T12:03:38","modified_gmt":"2025-12-15T11:03:38","slug":"marimba-meetings","status":"publish","type":"page","link":"https:\/\/pablomor.com\/en\/marimba-meetings\/","title":{"rendered":"Marimba Meetings"},"content":{"rendered":"<div data-elementor-type=\"wp-page\" data-elementor-id=\"1851\" class=\"elementor elementor-1851\" data-elementor-post-type=\"page\">\n\t\t\t\t\t\t<section class=\"elementor-section elementor-top-section elementor-element elementor-element-679064da elementor-section-full_width elementor-section-stretched elementor-section-height-default elementor-section-height-default\" data-id=\"679064da\" data-element_type=\"section\" data-settings=\"{&quot;stretch_section&quot;:&quot;section-stretched&quot;,&quot;background_background&quot;:&quot;classic&quot;}\">\n\t\t\t\t\t\t<div class=\"elementor-container elementor-column-gap-default\">\n\t\t\t\t\t<div class=\"elementor-column elementor-col-100 elementor-top-column elementor-element elementor-element-30a16cb6\" data-id=\"30a16cb6\" data-element_type=\"column\">\n\t\t\t<div class=\"elementor-widget-wrap elementor-element-populated\">\n\t\t\t\t\t\t<div class=\"elementor-element elementor-element-20df9960 elementor-widget elementor-widget-heading\" data-id=\"20df9960\" data-element_type=\"widget\" data-widget_type=\"heading.default\">\n\t\t\t\t<div class=\"elementor-widget-container\">\n\t\t\t\t\t<h1 class=\"elementor-heading-title elementor-size-default\">Marimba Meetings Spain<\/h1>\t\t\t\t<\/div>\n\t\t\t\t<\/div>\n\t\t\t\t\t<\/div>\n\t\t<\/div>\n\t\t\t\t\t<\/div>\n\t\t<\/section>\n\t\t\t\t<section class=\"elementor-section elementor-top-section elementor-element elementor-element-3099fa83 elementor-section-stretched elementor-section-boxed elementor-section-height-default elementor-section-height-default\" data-id=\"3099fa83\" data-element_type=\"section\" data-settings=\"{&quot;stretch_section&quot;:&quot;section-stretched&quot;,&quot;background_background&quot;:&quot;classic&quot;}\">\n\t\t\t\t\t\t<div class=\"elementor-container elementor-column-gap-default\">\n\t\t\t\t\t<div class=\"elementor-column elementor-col-50 elementor-top-column elementor-element elementor-element-2983f33\" data-id=\"2983f33\" data-element_type=\"column\">\n\t\t\t<div class=\"elementor-widget-wrap elementor-element-populated\">\n\t\t\t\t\t\t<div class=\"elementor-element elementor-element-556a0d8f elementor-widget-divider--view-line_text elementor-widget-divider--element-align-right elementor-widget elementor-widget-divider\" data-id=\"556a0d8f\" data-element_type=\"widget\" data-widget_type=\"divider.default\">\n\t\t\t\t<div class=\"elementor-widget-container\">\n\t\t\t\t\t\t\t<div class=\"elementor-divider\">\n\t\t\t<span class=\"elementor-divider-separator\">\n\t\t\t\t\t\t\t<span class=\"elementor-divider__text elementor-divider__element\">\n\t\t\t\t20 AL 22 DE MARZO 2026                              \t\t\t\t<\/span>\n\t\t\t\t\t\t<\/span>\n\t\t<\/div>\n\t\t\t\t\t\t<\/div>\n\t\t\t\t<\/div>\n\t\t\t\t<div class=\"elementor-element elementor-element-b1d2387 elementor-widget elementor-widget-heading\" data-id=\"b1d2387\" data-element_type=\"widget\" data-widget_type=\"heading.default\">\n\t\t\t\t<div class=\"elementor-widget-container\">\n\t\t\t\t\t<h2 class=\"elementor-heading-title elementor-size-default\">Marimba Festival in Spain<\/h2>\t\t\t\t<\/div>\n\t\t\t\t<\/div>\n\t\t\t\t<div class=\"elementor-element elementor-element-42cbed7c elementor-widget elementor-widget-text-editor\" data-id=\"42cbed7c\" data-element_type=\"widget\" data-widget_type=\"text-editor.default\">\n\t\t\t\t<div class=\"elementor-widget-container\">\n\t\t\t\t\t\t\t\t\t<p><strong>International Marimba Festiva Meetings<\/strong> \u2013 Espa\u00f1a nace como la extensi\u00f3n de un festival ya consolidado, que cuenta con varias ediciones previas celebradas en Polonia. Su llegada a Espa\u00f1a mantiene un prop\u00f3sito sencillo y, al mismo tiempo, profundo: reunir a j\u00f3venes m\u00fasicos de distintos lugares y ofrecerles un espacio donde aprender, crecer, compartir experiencias y construir amistades a trav\u00e9s de la m\u00fasica.<\/p><p>Damos la bienvenida a todos los marimbistas y percusionistas, tanto si est\u00e1s empezando\u00a0<span style=\"font-style: inherit; font-weight: inherit;\">como si ya eres un int\u00e9rprete experimentado, el programa est\u00e1 dise\u00f1ado para poder ayudarte\u00a0<\/span><span style=\"font-style: inherit; font-weight: inherit;\">develop your own sound, refine your technique, and grow as an artist.<br \/><\/span><\/p><p>Esta primera edici\u00f3n, se celebrar\u00e1 durante los d\u00edas <strong>20 a 22 de Marzo de 2026 <\/strong>en el <span style=\"font-style: inherit; font-weight: inherit;\"><strong>Murcia Superior Conservatory of Music.<\/strong> For three days, the marimba will be the\u00a0<\/span><span style=\"font-style: inherit; font-weight: inherit;\">center of all activity. Participants will enjoy individual lessons, ensemble rehearsals,\u00a0<\/span><span style=\"font-style: inherit; font-weight: inherit;\">chamber music and concerts, guided by renowned performers and teachers.<\/span><\/p>\t\t\t\t\t\t\t\t<\/div>\n\t\t\t\t<\/div>\n\t\t\t\t<div class=\"elementor-element elementor-element-5a6e52bc elementor-widget elementor-widget-button\" data-id=\"5a6e52bc\" data-element_type=\"widget\" data-widget_type=\"button.default\">\n\t\t\t\t<div class=\"elementor-widget-container\">\n\t\t\t\t\t\t\t\t\t<div class=\"elementor-button-wrapper\">\n\t\t\t\t\t<a class=\"elementor-button elementor-button-link elementor-size-sm\" href=\"https:\/\/docs.google.com\/forms\/d\/e\/1FAIpQLSfPU8KwyQbbrFZ7Q2Rl-iwEVpS8DE48yLIR6E5sUnuc_NL0Uw\/viewform?usp=share_link&#038;ouid=111188801128674229049\">\n\t\t\t\t\t\t<span class=\"elementor-button-content-wrapper\">\n\t\t\t\t\t\t<span class=\"elementor-button-icon\">\n\t\t\t\t<i aria-hidden=\"true\" class=\"fas fa-long-arrow-alt-right\"><\/i>\t\t\t<\/span>\n\t\t\t\t\t\t\t\t\t<span class=\"elementor-button-text\">I want to register<\/span>\n\t\t\t\t\t<\/span>\n\t\t\t\t\t<\/a>\n\t\t\t\t<\/div>\n\t\t\t\t\t\t\t\t<\/div>\n\t\t\t\t<\/div>\n\t\t\t\t\t<\/div>\n\t\t<\/div>\n\t\t\t\t<div class=\"elementor-column elementor-col-50 elementor-top-column elementor-element elementor-element-5b932684\" data-id=\"5b932684\" data-element_type=\"column\">\n\t\t\t<div class=\"elementor-widget-wrap elementor-element-populated\">\n\t\t\t\t\t\t<div class=\"elementor-element elementor-element-405d3f3 elementor-widget elementor-widget-image\" data-id=\"405d3f3\" data-element_type=\"widget\" data-widget_type=\"image.default\">\n\t\t\t\t<div class=\"elementor-widget-container\">\n\t\t\t\t\t\t\t\t\t\t\t\t\t\t\t<img fetchpriority=\"high\" decoding=\"async\" width=\"726\" height=\"1024\" src=\"https:\/\/pablomor.com\/wp-content\/uploads\/2025\/12\/international-marimba-meetings-espana-726x1024.jpeg\" class=\"attachment-large size-large wp-image-1893\" alt=\"Cartel International Marimba Meetings Spain\" srcset=\"https:\/\/pablomor.com\/wp-content\/uploads\/2025\/12\/international-marimba-meetings-espana-726x1024.jpeg 726w, https:\/\/pablomor.com\/wp-content\/uploads\/2025\/12\/international-marimba-meetings-espana-213x300.jpeg 213w, https:\/\/pablomor.com\/wp-content\/uploads\/2025\/12\/international-marimba-meetings-espana-768x1083.jpeg 768w, https:\/\/pablomor.com\/wp-content\/uploads\/2025\/12\/international-marimba-meetings-espana-1090x1536.jpeg 1090w, https:\/\/pablomor.com\/wp-content\/uploads\/2025\/12\/international-marimba-meetings-espana-9x12.jpeg 9w, https:\/\/pablomor.com\/wp-content\/uploads\/2025\/12\/international-marimba-meetings-espana.jpeg 1240w\" sizes=\"(max-width: 726px) 100vw, 726px\" \/>\t\t\t\t\t\t\t\t\t\t\t\t\t\t\t<\/div>\n\t\t\t\t<\/div>\n\t\t\t\t\t<\/div>\n\t\t<\/div>\n\t\t\t\t\t<\/div>\n\t\t<\/section>\n\t\t\t\t<section class=\"elementor-section elementor-top-section elementor-element elementor-element-36c973ec elementor-section-boxed elementor-section-height-default elementor-section-height-default\" data-id=\"36c973ec\" data-element_type=\"section\">\n\t\t\t\t\t\t<div class=\"elementor-container elementor-column-gap-no\">\n\t\t\t\t\t<div class=\"elementor-column elementor-col-50 elementor-top-column elementor-element elementor-element-39100ae3\" data-id=\"39100ae3\" data-element_type=\"column\">\n\t\t\t<div class=\"elementor-widget-wrap elementor-element-populated\">\n\t\t\t\t\t\t<div class=\"elementor-element elementor-element-442fd8c2 elementor-widget elementor-widget-heading\" data-id=\"442fd8c2\" data-element_type=\"widget\" data-widget_type=\"heading.default\">\n\t\t\t\t<div class=\"elementor-widget-container\">\n\t\t\t\t\t<h2 class=\"elementor-heading-title elementor-size-default\">What categories does Marimba Meetings offer?<\/h2>\t\t\t\t<\/div>\n\t\t\t\t<\/div>\n\t\t\t\t<div class=\"elementor-element elementor-element-395a9d0 elementor-widget elementor-widget-image\" data-id=\"395a9d0\" data-element_type=\"widget\" data-widget_type=\"image.default\">\n\t\t\t\t<div class=\"elementor-widget-container\">\n\t\t\t\t\t\t\t\t\t\t\t\t\t\t\t<img decoding=\"async\" width=\"454\" height=\"504\" src=\"https:\/\/pablomor.com\/wp-content\/uploads\/2025\/12\/pablo-mor-profesor-marimba-espana.jpg\" class=\"attachment-large size-large wp-image-1871\" alt=\"Profesor Marimba Meetings en Murcia\" srcset=\"https:\/\/pablomor.com\/wp-content\/uploads\/2025\/12\/pablo-mor-profesor-marimba-espana.jpg 454w, https:\/\/pablomor.com\/wp-content\/uploads\/2025\/12\/pablo-mor-profesor-marimba-espana-270x300.jpg 270w, https:\/\/pablomor.com\/wp-content\/uploads\/2025\/12\/pablo-mor-profesor-marimba-espana-11x12.jpg 11w\" sizes=\"(max-width: 454px) 100vw, 454px\" \/>\t\t\t\t\t\t\t\t\t\t\t\t\t\t\t<\/div>\n\t\t\t\t<\/div>\n\t\t\t\t\t<\/div>\n\t\t<\/div>\n\t\t\t\t<div class=\"elementor-column elementor-col-50 elementor-top-column elementor-element elementor-element-1be3b97f\" data-id=\"1be3b97f\" data-element_type=\"column\">\n\t\t\t<div class=\"elementor-widget-wrap elementor-element-populated\">\n\t\t\t\t\t\t<div class=\"elementor-element elementor-element-15c0d56 elementor-widget-divider--view-line elementor-widget elementor-widget-divider\" data-id=\"15c0d56\" data-element_type=\"widget\" data-widget_type=\"divider.default\">\n\t\t\t\t<div class=\"elementor-widget-container\">\n\t\t\t\t\t\t\t<div class=\"elementor-divider\">\n\t\t\t<span class=\"elementor-divider-separator\">\n\t\t\t\t\t\t<\/span>\n\t\t<\/div>\n\t\t\t\t\t\t<\/div>\n\t\t\t\t<\/div>\n\t\t\t\t<div class=\"elementor-element elementor-element-979afe7 elementor-widget elementor-widget-text-editor\" data-id=\"979afe7\" data-element_type=\"widget\" data-widget_type=\"text-editor.default\">\n\t\t\t\t<div class=\"elementor-widget-container\">\n\t\t\t\t\t\t\t\t\t<p style=\"font-size: 16px; font-style: normal; font-weight: 400;\">The festival\u2019s offering <strong>will consist of 12 full-program students<\/strong>. It will include one lesson\u00a0<span style=\"font-style: inherit; font-weight: inherit;\">a daily 40-minute individual lesson with the different professors, for a total of three\u00a0<\/span><span style=\"font-style: inherit; font-weight: inherit;\">and chamber music will be another fundamental pillar of the event.\u00a0<\/span><span style=\"font-style: inherit; font-weight: inherit;\">of the week: each participant will be part of several groups, with daily rehearsals guided\u00a0<\/span><span style=\"font-style: inherit; font-weight: inherit;\">by the faculty. Participants are encouraged to arrive with their pieces well prepared, in order to make the most of the\u00a0<\/span><span style=\"font-style: inherit; font-weight: inherit;\">to the fullest in the lessons and rehearsals, and to enjoy performing in the concerts that will take place during the festival.\u00a0<\/span><span style=\"font-style: inherit; font-weight: inherit;\">held each afternoon.<\/span><\/p><p style=\"font-size: 16px; font-style: normal; font-weight: 400;\"><strong>There will also be 6 spots available in the partial-program category<\/strong> for those who want to enjoy\u00a0<span style=\"font-style: inherit; font-weight: inherit;\">a single individual lesson, as well as being part of a chamber music group and <strong>6 spots\u00a0<\/strong><\/span><span style=\"font-style: inherit; font-weight: inherit;\"><strong>in the chamber-music category<\/strong>intended exclusively for participation in the chamber groups. It will also\u00a0<\/span><span style=\"font-style: inherit; font-weight: inherit;\">be available the passive category, with unlimited spots. <strong>oyente<\/strong>, con plazas ilimitadas.<\/span><\/p>\t\t\t\t\t\t\t\t<\/div>\n\t\t\t\t<\/div>\n\t\t\t\t<div class=\"elementor-element elementor-element-5383e242 elementor-widget elementor-widget-button\" data-id=\"5383e242\" data-element_type=\"widget\" data-widget_type=\"button.default\">\n\t\t\t\t<div class=\"elementor-widget-container\">\n\t\t\t\t\t\t\t\t\t<div class=\"elementor-button-wrapper\">\n\t\t\t\t\t<a class=\"elementor-button elementor-button-link elementor-size-sm\" href=\"https:\/\/docs.google.com\/forms\/d\/e\/1FAIpQLSfPU8KwyQbbrFZ7Q2Rl-iwEVpS8DE48yLIR6E5sUnuc_NL0Uw\/viewform?usp=share_link&#038;ouid=111188801128674229049\">\n\t\t\t\t\t\t<span class=\"elementor-button-content-wrapper\">\n\t\t\t\t\t\t<span class=\"elementor-button-icon\">\n\t\t\t\t<i aria-hidden=\"true\" class=\"fas fa-long-arrow-alt-right\"><\/i>\t\t\t<\/span>\n\t\t\t\t\t\t\t\t\t<span class=\"elementor-button-text\">Registrations<\/span>\n\t\t\t\t\t<\/span>\n\t\t\t\t\t<\/a>\n\t\t\t\t<\/div>\n\t\t\t\t\t\t\t\t<\/div>\n\t\t\t\t<\/div>\n\t\t\t\t\t<\/div>\n\t\t<\/div>\n\t\t\t\t\t<\/div>\n\t\t<\/section>\n\t\t\t\t<section class=\"elementor-section elementor-top-section elementor-element elementor-element-53d30cd elementor-section-boxed elementor-section-height-default elementor-section-height-default\" data-id=\"53d30cd\" data-element_type=\"section\">\n\t\t\t\t\t\t\t<div class=\"elementor-background-overlay\"><\/div>\n\t\t\t\t\t\t\t<div class=\"elementor-container elementor-column-gap-default\">\n\t\t\t\t\t<div class=\"elementor-column elementor-col-100 elementor-top-column elementor-element elementor-element-d6b585b\" data-id=\"d6b585b\" data-element_type=\"column\">\n\t\t\t<div class=\"elementor-widget-wrap elementor-element-populated\">\n\t\t\t\t\t\t<div class=\"elementor-element elementor-element-ada77f1 elementor-widget elementor-widget-text-editor\" data-id=\"ada77f1\" data-element_type=\"widget\" data-widget_type=\"text-editor.default\">\n\t\t\t\t<div class=\"elementor-widget-container\">\n\t\t\t\t\t\t\t\t\t<p style=\"text-align: center;\"><strong>Marimba Meetings \u2013 Spain<\/strong> aims to be a meeting point to share, learn, and grow together through music, creating a space where the marimba becomes the central reason, strengthening and shaping its future.<\/p>\t\t\t\t\t\t\t\t<\/div>\n\t\t\t\t<\/div>\n\t\t\t\t\t<\/div>\n\t\t<\/div>\n\t\t\t\t\t<\/div>\n\t\t<\/section>\n\t\t\t\t<\/div>","protected":false},"excerpt":{"rendered":"<p>Marimba Meetings &#8211; Espa\u00f1a 20 AL 22 DE MARZO 2026 Festival de Marimba en Espa\u00f1a International Marimba Festiva Meetings \u2013 Espa\u00f1a nace como la extensi\u00f3n de un festival ya consolidado, [&hellip;]<\/p>","protected":false},"author":1,"featured_media":0,"parent":0,"menu_order":0,"comment_status":"closed","ping_status":"closed","template":"","meta":{"_uag_custom_page_level_css":"","site-sidebar-layout":"no-sidebar","site-content-layout":"page-builder","ast-site-content-layout":"full-width-container","site-content-style":"default","site-sidebar-style":"default","ast-global-header-display":"","ast-banner-title-visibility":"","ast-main-header-display":"","ast-hfb-above-header-display":"","ast-hfb-below-header-display":"","ast-hfb-mobile-header-display":"","site-post-title":"disabled","ast-breadcrumbs-content":"","ast-featured-img":"disabled","footer-sml-layout":"","theme-transparent-header-meta":"","adv-header-id-meta":"","stick-header-meta":"","header-above-stick-meta":"","header-main-stick-meta":"","header-below-stick-meta":"","astra-migrate-meta-layouts":"set","ast-page-background-enabled":"default","ast-page-background-meta":{"desktop":{"background-color":"","background-image":"","background-repeat":"repeat","background-position":"center center","background-size":"auto","background-attachment":"scroll","background-type":"","background-media":"","overlay-type":"","overlay-color":"","overlay-opacity":"","overlay-gradient":""},"tablet":{"background-color":"","background-image":"","background-repeat":"repeat","background-position":"center center","background-size":"auto","background-attachment":"scroll","background-type":"","background-media":"","overlay-type":"","overlay-color":"","overlay-opacity":"","overlay-gradient":""},"mobile":{"background-color":"","background-image":"","background-repeat":"repeat","background-position":"center center","background-size":"auto","background-attachment":"scroll","background-type":"","background-media":"","overlay-type":"","overlay-color":"","overlay-opacity":"","overlay-gradient":""}},"ast-content-background-meta":{"desktop":{"background-color":"var(--ast-global-color-5)","background-image":"","background-repeat":"repeat","background-position":"center center","background-size":"auto","background-attachment":"scroll","background-type":"","background-media":"","overlay-type":"","overlay-color":"","overlay-opacity":"","overlay-gradient":""},"tablet":{"background-color":"var(--ast-global-color-5)","background-image":"","background-repeat":"repeat","background-position":"center center","background-size":"auto","background-attachment":"scroll","background-type":"","background-media":"","overlay-type":"","overlay-color":"","overlay-opacity":"","overlay-gradient":""},"mobile":{"background-color":"var(--ast-global-color-5)","background-image":"","background-repeat":"repeat","background-position":"center center","background-size":"auto","background-attachment":"scroll","background-type":"","background-media":"","overlay-type":"","overlay-color":"","overlay-opacity":"","overlay-gradient":""}},"footnotes":""},"class_list":["post-1851","page","type-page","status-publish","hentry"],"yoast_head":"<!-- This site is optimized with the Yoast SEO plugin v26.5 - https:\/\/yoast.com\/wordpress\/plugins\/seo\/ -->\n<title>Festival Marimba Meetings Espa\u00f1a \/ Conservatorio M\u00fasica Murcia<\/title>\n<meta name=\"description\" content=\"Del 20 al 22 de marzo tendremos el Festival Marimba Meetings en el Conservatorio M\u00fasica Murcia. Un especio para marimbistas y percusionistas.\" \/>\n<meta name=\"robots\" content=\"index, follow, max-snippet:-1, max-image-preview:large, max-video-preview:-1\" \/>\n<link rel=\"canonical\" href=\"https:\/\/pablomor.com\/en\/marimba-meetings\/\" \/>\n<meta property=\"og:locale\" content=\"en_GB\" \/>\n<meta property=\"og:type\" content=\"article\" \/>\n<meta property=\"og:title\" content=\"Festival Marimba Meetings Espa\u00f1a \/ Conservatorio M\u00fasica Murcia\" \/>\n<meta property=\"og:description\" content=\"Del 20 al 22 de marzo tendremos el Festival Marimba Meetings en el Conservatorio M\u00fasica Murcia. Un especio para marimbistas y percusionistas.\" \/>\n<meta property=\"og:url\" content=\"https:\/\/pablomor.com\/en\/marimba-meetings\/\" \/>\n<meta property=\"og:site_name\" content=\"Pablo Mor\" \/>\n<meta property=\"article:publisher\" content=\"http:\/\/www.facebook.com\/pablo.mor.lillo\" \/>\n<meta property=\"article:modified_time\" content=\"2025-12-15T11:03:38+00:00\" \/>\n<meta property=\"og:image\" content=\"https:\/\/pablomor.com\/wp-content\/uploads\/2025\/12\/international-marimba-meetings-espana-726x1024.jpeg\" \/>\n\t<meta property=\"og:image:width\" content=\"726\" \/>\n\t<meta property=\"og:image:height\" content=\"1024\" \/>\n\t<meta property=\"og:image:type\" content=\"image\/jpeg\" \/>\n<meta name=\"twitter:card\" content=\"summary_large_image\" \/>\n<meta name=\"twitter:site\" content=\"@pablomrlo\" \/>\n<meta name=\"twitter:label1\" content=\"Estimated reading time\" \/>\n\t<meta name=\"twitter:data1\" content=\"3 minutes\" \/>\n<script type=\"application\/ld+json\" class=\"yoast-schema-graph\">{\"@context\":\"https:\/\/schema.org\",\"@graph\":[{\"@type\":\"WebPage\",\"@id\":\"https:\/\/pablomor.com\/marimba-meetings\/\",\"url\":\"https:\/\/pablomor.com\/marimba-meetings\/\",\"name\":\"Festival Marimba Meetings Espa\u00f1a \/ Conservatorio M\u00fasica Murcia\",\"isPartOf\":{\"@id\":\"https:\/\/pablomor.com\/#website\"},\"primaryImageOfPage\":{\"@id\":\"https:\/\/pablomor.com\/marimba-meetings\/#primaryimage\"},\"image\":{\"@id\":\"https:\/\/pablomor.com\/marimba-meetings\/#primaryimage\"},\"thumbnailUrl\":\"https:\/\/pablomor.com\/wp-content\/uploads\/2025\/12\/international-marimba-meetings-espana-726x1024.jpeg\",\"datePublished\":\"2025-11-27T13:02:17+00:00\",\"dateModified\":\"2025-12-15T11:03:38+00:00\",\"description\":\"Del 20 al 22 de marzo tendremos el Festival Marimba Meetings en el Conservatorio M\u00fasica Murcia. Un especio para marimbistas y percusionistas.\",\"breadcrumb\":{\"@id\":\"https:\/\/pablomor.com\/marimba-meetings\/#breadcrumb\"},\"inLanguage\":\"en-GB\",\"potentialAction\":[{\"@type\":\"ReadAction\",\"target\":[\"https:\/\/pablomor.com\/marimba-meetings\/\"]}]},{\"@type\":\"ImageObject\",\"inLanguage\":\"en-GB\",\"@id\":\"https:\/\/pablomor.com\/marimba-meetings\/#primaryimage\",\"url\":\"https:\/\/pablomor.com\/wp-content\/uploads\/2025\/12\/international-marimba-meetings-espana-726x1024.jpeg\",\"contentUrl\":\"https:\/\/pablomor.com\/wp-content\/uploads\/2025\/12\/international-marimba-meetings-espana-726x1024.jpeg\"},{\"@type\":\"BreadcrumbList\",\"@id\":\"https:\/\/pablomor.com\/marimba-meetings\/#breadcrumb\",\"itemListElement\":[{\"@type\":\"ListItem\",\"position\":1,\"name\":\"Portada\",\"item\":\"https:\/\/pablomor.com\/\"},{\"@type\":\"ListItem\",\"position\":2,\"name\":\"Marimba Meetings\"}]},{\"@type\":\"WebSite\",\"@id\":\"https:\/\/pablomor.com\/#website\",\"url\":\"https:\/\/pablomor.com\/\",\"name\":\"Pablo Mor\",\"description\":\"Marimba &amp; Percusi\u00f3n\",\"publisher\":{\"@id\":\"https:\/\/pablomor.com\/#organization\"},\"potentialAction\":[{\"@type\":\"SearchAction\",\"target\":{\"@type\":\"EntryPoint\",\"urlTemplate\":\"https:\/\/pablomor.com\/?s={search_term_string}\"},\"query-input\":{\"@type\":\"PropertyValueSpecification\",\"valueRequired\":true,\"valueName\":\"search_term_string\"}}],\"inLanguage\":\"en-GB\"},{\"@type\":\"Organization\",\"@id\":\"https:\/\/pablomor.com\/#organization\",\"name\":\"Pablo Mor\",\"url\":\"https:\/\/pablomor.com\/\",\"logo\":{\"@type\":\"ImageObject\",\"inLanguage\":\"en-GB\",\"@id\":\"https:\/\/pablomor.com\/#\/schema\/logo\/image\/\",\"url\":\"https:\/\/pablomor.com\/wp-content\/uploads\/2023\/03\/logo_pablomor.png\",\"contentUrl\":\"https:\/\/pablomor.com\/wp-content\/uploads\/2023\/03\/logo_pablomor.png\",\"width\":500,\"height\":150,\"caption\":\"Pablo Mor\"},\"image\":{\"@id\":\"https:\/\/pablomor.com\/#\/schema\/logo\/image\/\"},\"sameAs\":[\"http:\/\/www.facebook.com\/pablo.mor.lillo\",\"https:\/\/x.com\/pablomrlo\",\"https:\/\/www.instagram.com\/pablomrlo\/\",\"https:\/\/twitter.com\/pablomrlo\"]}]}<\/script>\n<!-- \/ Yoast SEO plugin. -->","yoast_head_json":{"title":"Festival Marimba Meetings Espa\u00f1a \/ Conservatorio M\u00fasica Murcia","description":"Del 20 al 22 de marzo tendremos el Festival Marimba Meetings en el Conservatorio M\u00fasica Murcia. Un especio para marimbistas y percusionistas.","robots":{"index":"index","follow":"follow","max-snippet":"max-snippet:-1","max-image-preview":"max-image-preview:large","max-video-preview":"max-video-preview:-1"},"canonical":"https:\/\/pablomor.com\/en\/marimba-meetings\/","og_locale":"en_GB","og_type":"article","og_title":"Festival Marimba Meetings Espa\u00f1a \/ Conservatorio M\u00fasica Murcia","og_description":"Del 20 al 22 de marzo tendremos el Festival Marimba Meetings en el Conservatorio M\u00fasica Murcia. Un especio para marimbistas y percusionistas.","og_url":"https:\/\/pablomor.com\/en\/marimba-meetings\/","og_site_name":"Pablo Mor","article_publisher":"http:\/\/www.facebook.com\/pablo.mor.lillo","article_modified_time":"2025-12-15T11:03:38+00:00","og_image":[{"width":726,"height":1024,"url":"https:\/\/pablomor.com\/wp-content\/uploads\/2025\/12\/international-marimba-meetings-espana-726x1024.jpeg","type":"image\/jpeg"}],"twitter_card":"summary_large_image","twitter_site":"@pablomrlo","twitter_misc":{"Estimated reading time":"3 minutes"},"schema":{"@context":"https:\/\/schema.org","@graph":[{"@type":"WebPage","@id":"https:\/\/pablomor.com\/marimba-meetings\/","url":"https:\/\/pablomor.com\/marimba-meetings\/","name":"Festival Marimba Meetings Espa\u00f1a \/ Conservatorio M\u00fasica Murcia","isPartOf":{"@id":"https:\/\/pablomor.com\/#website"},"primaryImageOfPage":{"@id":"https:\/\/pablomor.com\/marimba-meetings\/#primaryimage"},"image":{"@id":"https:\/\/pablomor.com\/marimba-meetings\/#primaryimage"},"thumbnailUrl":"https:\/\/pablomor.com\/wp-content\/uploads\/2025\/12\/international-marimba-meetings-espana-726x1024.jpeg","datePublished":"2025-11-27T13:02:17+00:00","dateModified":"2025-12-15T11:03:38+00:00","description":"Del 20 al 22 de marzo tendremos el Festival Marimba Meetings en el Conservatorio M\u00fasica Murcia. Un especio para marimbistas y percusionistas.","breadcrumb":{"@id":"https:\/\/pablomor.com\/marimba-meetings\/#breadcrumb"},"inLanguage":"en-GB","potentialAction":[{"@type":"ReadAction","target":["https:\/\/pablomor.com\/marimba-meetings\/"]}]},{"@type":"ImageObject","inLanguage":"en-GB","@id":"https:\/\/pablomor.com\/marimba-meetings\/#primaryimage","url":"https:\/\/pablomor.com\/wp-content\/uploads\/2025\/12\/international-marimba-meetings-espana-726x1024.jpeg","contentUrl":"https:\/\/pablomor.com\/wp-content\/uploads\/2025\/12\/international-marimba-meetings-espana-726x1024.jpeg"},{"@type":"BreadcrumbList","@id":"https:\/\/pablomor.com\/marimba-meetings\/#breadcrumb","itemListElement":[{"@type":"ListItem","position":1,"name":"Portada","item":"https:\/\/pablomor.com\/"},{"@type":"ListItem","position":2,"name":"Marimba Meetings"}]},{"@type":"WebSite","@id":"https:\/\/pablomor.com\/#website","url":"https:\/\/pablomor.com\/","name":"Pablo Mor","description":"Marimba &amp; Percusi\u00f3n","publisher":{"@id":"https:\/\/pablomor.com\/#organization"},"potentialAction":[{"@type":"SearchAction","target":{"@type":"EntryPoint","urlTemplate":"https:\/\/pablomor.com\/?s={search_term_string}"},"query-input":{"@type":"PropertyValueSpecification","valueRequired":true,"valueName":"search_term_string"}}],"inLanguage":"en-GB"},{"@type":"Organization","@id":"https:\/\/pablomor.com\/#organization","name":"Pablo Mor","url":"https:\/\/pablomor.com\/","logo":{"@type":"ImageObject","inLanguage":"en-GB","@id":"https:\/\/pablomor.com\/#\/schema\/logo\/image\/","url":"https:\/\/pablomor.com\/wp-content\/uploads\/2023\/03\/logo_pablomor.png","contentUrl":"https:\/\/pablomor.com\/wp-content\/uploads\/2023\/03\/logo_pablomor.png","width":500,"height":150,"caption":"Pablo Mor"},"image":{"@id":"https:\/\/pablomor.com\/#\/schema\/logo\/image\/"},"sameAs":["http:\/\/www.facebook.com\/pablo.mor.lillo","https:\/\/x.com\/pablomrlo","https:\/\/www.instagram.com\/pablomrlo\/","https:\/\/twitter.com\/pablomrlo"]}]}},"uagb_featured_image_src":{"full":false,"thumbnail":false,"medium":false,"medium_large":false,"large":false,"1536x1536":false,"2048x2048":false,"trp-custom-language-flag":false},"uagb_author_info":{"display_name":"admin","author_link":"https:\/\/pablomor.com\/en\/author\/joseluisabril_nv5ivjjy\/"},"uagb_comment_info":0,"uagb_excerpt":"Marimba Meetings &#8211; Espa\u00f1a 20 AL 22 DE MARZO 2026 Festival de Marimba en Espa\u00f1a International Marimba Festiva Meetings \u2013 Espa\u00f1a nace como la extensi\u00f3n de un festival ya consolidado, [&hellip;]","_links":{"self":[{"href":"https:\/\/pablomor.com\/en\/wp-json\/wp\/v2\/pages\/1851","targetHints":{"allow":["GET"]}}],"collection":[{"href":"https:\/\/pablomor.com\/en\/wp-json\/wp\/v2\/pages"}],"about":[{"href":"https:\/\/pablomor.com\/en\/wp-json\/wp\/v2\/types\/page"}],"author":[{"embeddable":true,"href":"https:\/\/pablomor.com\/en\/wp-json\/wp\/v2\/users\/1"}],"replies":[{"embeddable":true,"href":"https:\/\/pablomor.com\/en\/wp-json\/wp\/v2\/comments?post=1851"}],"version-history":[{"count":7,"href":"https:\/\/pablomor.com\/en\/wp-json\/wp\/v2\/pages\/1851\/revisions"}],"predecessor-version":[{"id":1897,"href":"https:\/\/pablomor.com\/en\/wp-json\/wp\/v2\/pages\/1851\/revisions\/1897"}],"wp:attachment":[{"href":"https:\/\/pablomor.com\/en\/wp-json\/wp\/v2\/media?parent=1851"}],"curies":[{"name":"wp","href":"https:\/\/api.w.org\/{rel}","templated":true}]}}